{"version":"1.0","provider_name":"Fresque des Cybercitoyens","provider_url":"https:\/\/fresquedescybercitoyens.fr\/de\/","author_name":"technique@lemon-interactive.fr","author_url":"https:\/\/fresquedescybercitoyens.fr\/de\/author\/techniquelemon-interactive-fr\/","title":"Politique de protection des donn\u00e9es - Fresque des Cybercitoyens","type":"rich","width":600,"height":338,"html":"<blockquote class=\"wp-embedded-content\" data-secret=\"Dpya4I1Hkq\"><a href=\"https:\/\/fresquedescybercitoyens.fr\/de\/politique-de-protection-des-donnees\/\">Politique de protection des donn\u00e9es<\/a><\/blockquote><iframe sandbox=\"allow-scripts\" security=\"restricted\" src=\"https:\/\/fresquedescybercitoyens.fr\/de\/politique-de-protection-des-donnees\/embed\/#?secret=Dpya4I1Hkq\" width=\"600\" height=\"338\" title=\"&#8220;Politique de protection des donn\u00e9es&#8221; &#8212; Fresque des Cybercitoyens\" data-secret=\"Dpya4I1Hkq\" frameborder=\"0\" marginwidth=\"0\" marginheight=\"0\" scrolling=\"no\" class=\"wp-embedded-content\"><\/iframe><script type=\"text\/javascript\">\n\/* <![CDATA[ *\/\n\/*! This file is auto-generated *\/\n!function(d,l){\"use strict\";l.querySelector&&d.addEventListener&&\"undefined\"!=typeof URL&&(d.wp=d.wp||{},d.wp.receiveEmbedMessage||(d.wp.receiveEmbedMessage=function(e){var t=e.data;if((t||t.secret||t.message||t.value)&&!\/[^a-zA-Z0-9]\/.test(t.secret)){for(var s,r,n,a=l.querySelectorAll('iframe[data-secret=\"'+t.secret+'\"]'),o=l.querySelectorAll('blockquote[data-secret=\"'+t.secret+'\"]'),c=new RegExp(\"^https?:$\",\"i\"),i=0;i<o.length;i++)o[i].style.display=\"none\";for(i=0;i<a.length;i++)s=a[i],e.source===s.contentWindow&&(s.removeAttribute(\"style\"),\"height\"===t.message?(1e3<(r=parseInt(t.value,10))?r=1e3:~~r<200&&(r=200),s.height=r):\"link\"===t.message&&(r=new URL(s.getAttribute(\"src\")),n=new URL(t.value),c.test(n.protocol))&&n.host===r.host&&l.activeElement===s&&(d.top.location.href=t.value))}},d.addEventListener(\"message\",d.wp.receiveEmbedMessage,!1),l.addEventListener(\"DOMContentLoaded\",function(){for(var e,t,s=l.querySelectorAll(\"iframe.wp-embedded-content\"),r=0;r<s.length;r++)(t=(e=s[r]).getAttribute(\"data-secret\"))||(t=Math.random().toString(36).substring(2,12),e.src+=\"#?secret=\"+t,e.setAttribute(\"data-secret\",t)),e.contentWindow.postMessage({message:\"ready\",secret:t},\"*\")},!1)))}(window,document);\n\/* ]]> *\/\n<\/script>\n","description":"D\u00e9finitions \u00ab&nbsp;Advens for People and Planet&nbsp;\u00bb&nbsp;: d\u00e9signe le fonds de dotation, immatricul\u00e9e sous le SIREN 901629881, en activit\u00e9 depuis 2021. Localis\u00e9e au 16 quai de la M\u00e9gisserie (75001), elle&nbsp; a pour objet de soutenir et de d\u00e9velopper toute \u0153uvre d&#8217;int\u00e9r\u00eat g\u00e9n\u00e9ral \u00e0 caract\u00e8re \u00e9ducatif, social et concourant \u00e0 la d\u00e9fense de l&#8217;environnement naturel visant notamment [&hellip;]"}