{"id":1305,"date":"2024-01-05T09:28:34","date_gmt":"2024-01-05T09:28:34","guid":{"rendered":"https:\/\/fresquedescybercitoyens.fr\/politique-de-protection-des-donnees\/"},"modified":"2024-01-05T09:28:34","modified_gmt":"2024-01-05T09:28:34","slug":"politique-de-protection-des-donnees","status":"publish","type":"page","link":"https:\/\/fresquedescybercitoyens.fr\/de\/politique-de-protection-des-donnees\/","title":{"rendered":"Politique de protection des donn\u00e9es"},"content":{"rendered":"\n<h2 class=\"wp-block-heading h4\"><b>D\u00e9finitions<\/b><\/h2>\n\n\n\n<p><b>\u00ab&nbsp;Advens for People and Planet&nbsp;\u00bb<\/b>&nbsp;: d\u00e9signe le fonds de dotation, immatricul\u00e9e sous le SIREN 901629881, en activit\u00e9 depuis 2021. Localis\u00e9e au 16 quai de la M\u00e9gisserie (75001), elle&nbsp; a pour objet de soutenir et de d\u00e9velopper toute \u0153uvre d&#8217;int\u00e9r\u00eat g\u00e9n\u00e9ral \u00e0 caract\u00e8re \u00e9ducatif, social et concourant \u00e0 la d\u00e9fense de l&#8217;environnement naturel visant notamment \u00e0 \u0153uvrer pour l&#8217;inclusion et l&#8217;\u00e9ducation des jeunes g\u00e9n\u00e9rations, notamment sur les usages du num\u00e9rique et les risques y aff\u00e9rents ; utiliser les technologies du num\u00e9rique au service du bien commun, comme levier d&#8217;action face aux enjeux soci\u00e9taux, notamment dans le domaine de la sant\u00e9, et environnementaux, de mani\u00e8re g\u00e9n\u00e9rale, lutter contre les in\u00e9galit\u00e9s sociales et l&#8217;exclusion et, de ce fait, favoriser l&#8217;inclusion des personnes les plus vuln\u00e9rables afin qu&#8217;elles soient retrouvent leur place dans la soci\u00e9t\u00e9 et leur dignit\u00e9. et le Responsable du Traitement.&nbsp;<\/p>\n\n\n\n<p><b>\u00ab&nbsp;Destinataire&nbsp;\u00bb<\/b>&nbsp;: d\u00e9signe la personne physique ou morale, l\u2019autorit\u00e9 publique, le service ou tout autre organisme qui re\u00e7oit communication des Donn\u00e9es Personnelles, qu\u2019il s\u2019agisse ou non d\u2019un tiers.<\/p>\n\n\n\n<p><b>\u00ab&nbsp;Donn\u00e9es personnelles&nbsp;\u00bb<\/b>&nbsp;: toute information se rapportant \u00e0 une personne physique identifi\u00e9e ou identifiable (ci-apr\u00e8s d\u00e9nomm\u00e9e \u00abPersonne concern\u00e9e\u00bb) ; est r\u00e9put\u00e9e \u00eatre une \u00abpersonne physique identifiable\u00bb une personne physique qui peut \u00eatre identifi\u00e9e, directement ou indirectement, notamment par r\u00e9f\u00e9rence \u00e0 un identifiant, tel qu&#8217;un nom, un num\u00e9ro d&#8217;identification, des donn\u00e9es de localisation, un identifiant en ligne, ou \u00e0 un ou plusieurs \u00e9l\u00e9ments sp\u00e9cifiques propres \u00e0 son identit\u00e9 physique, physiologique, g\u00e9n\u00e9tique, psychique, \u00e9conomique, culturelle ou sociale;&nbsp;<\/p>\n\n\n\n<p><b>\u00ab&nbsp;Responsable de traitement&nbsp;\u00bb<\/b>&nbsp;: d\u00e9signe l\u2019entit\u00e9 Advens for People and Planet qui d\u00e9cide des finalit\u00e9s du traitement et des moyens allou\u00e9s.&nbsp;<\/p>\n\n\n\n<p><b>\u00ab&nbsp;RGPD&nbsp;\u00bb<\/b>&nbsp;: d\u00e9signe le r\u00e8glement UE 2016\/679 du Parlement europ\u00e9en et du Conseil du 27 avril 2016 relatif \u00e0 la protection des personnes physiques \u00e0 l&#8217;\u00e9gard du traitement des donn\u00e9es \u00e0 caract\u00e8re personnel et \u00e0 la libre circulation de ces donn\u00e9es, et abrogeant la directive 95\/46\/CE.<\/p>\n\n\n\n<p><b>\u00ab&nbsp;Sous-traitant&nbsp;\u00bb<\/b>&nbsp;: d\u00e9signe les entit\u00e9s qui traitent les Donn\u00e9es personnelles pour le compte du Responsable du Traitement.&nbsp;<\/p>\n\n\n\n<p><b>\u00ab&nbsp;Traitement&nbsp;\u00bb<\/b>&nbsp;: d\u00e9signe une ou plusieurs op\u00e9rations automatis\u00e9es et appliqu\u00e9es \u00e0 la collecte des donn\u00e9es ou d\u2019un ensemble de donn\u00e9es \u00e0 caract\u00e8re personnel permettant la collecte, l\u2019enregistrement, l\u2019organisation, la structuration, le stockage, l\u2019adaptation ou la modification, la r\u00e9cup\u00e9ration, la consultation, l\u2019utilisation, la divulgation par transmission, la diffusion ou toute autre forme de mise \u00e0 disposition, l\u2019alignement ou la combinaison, la restriction, l\u2019effacement ou la destruction.&nbsp;<\/p>\n\n\n\n<p><b>\u00ab\u00a0Transfert\u00a0\u00bb<\/b>\u00a0: d\u00e9signe les transferts vers un pays tiers, de Donn\u00e9es personnelles qui font ou sont destin\u00e9es \u00e0 faire l&#8217;objet d&#8217;un traitement.\u00a0<\/p>\n\n\n\n<div style=\"height:40px\" aria-hidden=\"true\" class=\"wp-block-spacer\"><\/div>\n\n\n\n<h2 class=\"wp-block-heading h4\"><b>Objet<\/b><\/h2>\n\n\n\n<p>La pr\u00e9sente politique d\u00e9crit la mani\u00e8re dont <b>Advens for People and Planet<\/b> traite les Donn\u00e9es personnelles des utilisateurs lors de leur navigation sur <b>www.advens.local<\/b> ci-apr\u00e8s nomm\u00e9 le \u00ab Site \u00bb.<\/p>\n\n\n\n<p><b>Advens for People and Planet<\/b>, en tant que Responsable de traitement accorde une grande importance \u00e0 la protection des Donn\u00e9es personnelles des utilisateurs du Site, s\u2019engage et met en place des mesures techniques et op\u00e9rationnelles pour traiter les donn\u00e9es collect\u00e9es dans le respect de la protection de la vie priv\u00e9e.&nbsp;<\/p>\n\n\n\n<p>S\u2019agissant de l\u2019utilisation des cookies, Advens for People and Planet vous invite \u00e0 consulter la Politique de gestion des cookies.<\/p>\n\n\n\n<div style=\"height:40px\" aria-hidden=\"true\" class=\"wp-block-spacer\"><\/div>\n\n\n\n<h2 class=\"wp-block-heading h4\"><b>Modification de notre politique<\/b><\/h2>\n\n\n\n<p>Cette Politique peut \u00eatre modifi\u00e9e, compl\u00e9t\u00e9e et\/ou mise \u00e0 jour par <b>Advens for People and Planet<\/b> afin notamment de se conformer \u00e0 toute \u00e9volution l\u00e9gale, r\u00e9glementaire, jurisprudentielle et technique. Cependant, les Donn\u00e9es personnelles seraient toujours trait\u00e9es conform\u00e9ment \u00e0 la politique en vigueur au moment de leur collecte, sauf si une prescription l\u00e9gale imp\u00e9rative venait \u00e0 en disposer autrement et serait d&#8217;application r\u00e9troactive<\/p>\n\n\n\n<div style=\"height:40px\" aria-hidden=\"true\" class=\"wp-block-spacer\"><\/div>\n\n\n\n<h2 class=\"wp-block-heading h4\"><b>Le traitement de vos donn\u00e9es<\/b><\/h2>\n\n\n\n<p><b>Advens for People and Planet<\/b> traite uniquement les donn\u00e9es qui lui sont n\u00e9cessaires, et ce en vertu de la r\u00e8glementation sur la protection des donn\u00e9es en se fondant sur une base juridique valable. Les diff\u00e9rentes finalit\u00e9s de ces Traitements sont d\u00e9crites dans les paragraphes ci-dessous.<\/p>\n\n\n\n<p>Pour chaque traitement, <b>Advens for People and Planet<\/b> recueille et utilise uniquement les Donn\u00e9es pertinentes et n\u00e9cessaires \u00e0 l\u2019objectif poursuivi.<\/p>\n\n\n\n<figure class=\"wp-block-table\"><table class=\"has-white-background-color has-background\"><thead><tr><th class=\"has-text-align-center\" data-align=\"center\">Traitements<\/th><th class=\"has-text-align-center\" data-align=\"center\">Donn\u00e9es collect\u00e9es<\/th><th class=\"has-text-align-center\" data-align=\"center\">Base l\u00e9gale<\/th><\/tr><\/thead><tbody><tr><td class=\"has-text-align-center\" data-align=\"center\"><strong>R\u00e9ponses demandes de contacts effectu\u00e9es via le formulaire<\/strong><\/td><td class=\"has-text-align-center\" data-align=\"center\">Donn\u00e9es d\u2019identification (nom, pr\u00e9nom, t\u00e9l\u00e9phone, mail)<\/td><td class=\"has-text-align-center\" data-align=\"center\">Consentement de la Personne Concern\u00e9e<\/td><\/tr><\/tbody><\/table><\/figure>\n\n\n\n<div style=\"height:40px\" aria-hidden=\"true\" class=\"wp-block-spacer\"><\/div>\n\n\n\n<h2 class=\"wp-block-heading h4\"><b>Dur\u00e9e de conservation<\/b><\/h2>\n\n\n\n<p>La dur\u00e9e de conservation des Donn\u00e9es personnelles ne d\u00e9passe pas celle n\u00e9cessaire aux fins pour lesquelles elles ont \u00e9t\u00e9 collect\u00e9es. Conform\u00e9ment aux d\u00e9lais de conservation impos\u00e9s par les lois applicables et plus particuli\u00e8rement\u00a0:<\/p>\n\n\n\n<figure class=\"wp-block-table\"><table><thead><tr><th>Cat\u00e9gorie de donn\u00e9es<\/th><th class=\"has-text-align-center\" data-align=\"center\">Dur\u00e9e de conservation<\/th><\/tr><\/thead><tbody><tr><td><strong>Donn\u00e9es d&#8217;identification<\/strong><\/td><td class=\"has-text-align-center\" data-align=\"center\">1 an<br>3 ans en cas d\u2019exercice du droit d\u2019opposition<\/td><\/tr><\/tbody><\/table><\/figure>\n\n\n\n<div style=\"height:40px\" aria-hidden=\"true\" class=\"wp-block-spacer\"><\/div>\n\n\n\n<h2 class=\"wp-block-heading h4\"><b>Destinataires des donn\u00e9es&nbsp;<\/b><\/h2>\n\n\n\n<p>Pour atteindre les finalit\u00e9s d\u00e9crites ci-dessus et dans les limites n\u00e9cessaires \u00e0 la poursuite de ces finalit\u00e9s, les donn\u00e9es collect\u00e9es par <b>Advens for People and Planet <\/b>peuvent \u00eatre transmises \u00e0 tout ou partie des destinataires suivants (et ce, dans le respect de la loi applicable pour assurer la s\u00e9curit\u00e9 de vos Donn\u00e9es Personnelles).<\/p>\n\n\n\n<p>De mani\u00e8re g\u00e9n\u00e9rale nous exigeons strictement de nos Sous-traitants qu\u2019ils utilisent vos Donn\u00e9es personnelles pour les seules finalit\u00e9s pr\u00e9c\u00e9demment mentionn\u00e9es et uniquement dans la limite n\u00e9cessaire \u00e0 l\u2019accomplissement des t\u00e2ches qui leur sont confi\u00e9es, et qu\u2019ils mettent en \u0153uvre toutes les mesures essentielles \u00e0 la s\u00e9curit\u00e9 et \u00e0 la confidentialit\u00e9 de vos Donn\u00e9es Personnelles.<\/p>\n\n\n\n<p>En tant que Responsable du traitement nous nous engageons \u00e0 ne les transmettre qu\u2019aux destinataires autoris\u00e9s, soit :&nbsp;<\/p>\n\n\n\n<p><b>L\u2019\u00e9quipe projet Fresque des cybercitoyen.ne.s&nbsp;<\/b><\/p>\n\n\n\n<p>L\u2019\u00e9quipe Advens for People and Planet en charge de la Fresque des cybercitoyen.ne.s.<\/p>\n\n\n\n<p><b>Les sous-traitants d\u2019Advens for People and Planet<\/b><\/p>\n\n\n\n<p>Matomo Analytics, une soci\u00e9t\u00e9 proposant un service d\u2019analyse du site internet.&nbsp;<\/p>\n\n\n\n<p><i>Les donn\u00e9es g\u00e9n\u00e9r\u00e9es par les cookies concernant votre utilisation du Site seront transmises et stock\u00e9es par Matomo sur des serveurs situ\u00e9s en Europe\u00a0;<\/i><\/p>\n\n\n\n<div style=\"height:40px\" aria-hidden=\"true\" class=\"wp-block-spacer\"><\/div>\n\n\n\n<h2 class=\"wp-block-heading h4\"><b>S\u00e9curit\u00e9 des donn\u00e9es<\/b><\/h2>\n\n\n\n<p><b>Advens for People and Planet<\/b> prend toutes les mesures physiques, techniques, organisationnelles et op\u00e9rationnelles n\u00e9cessaires pour garantir la s\u00e9curit\u00e9 et la confidentialit\u00e9 des Donn\u00e9es personnelles de l\u2019utilisateur contre une destruction, une perte, une alt\u00e9ration, une divulgation, une reproduction ou un acc\u00e8s non autoris\u00e9. <b>Advens for People and Planet<\/b> exige de nos partenaires et de ses sous-traitants qu\u2019ils mettent en place les m\u00eames mesures.<\/p>\n\n\n\n<p>A ce titre, <b>Advens for People and Planet<\/b> prend toutes les pr\u00e9cautions utiles, au regard de la nature des donn\u00e9es et des risques pr\u00e9sent\u00e9s par le traitement, afin de pr\u00e9server la s\u00e9curit\u00e9 des donn\u00e9es et, notamment, en appliquant des mesures de protection physique des locaux, proc\u00e9d\u00e9s d\u2019authentification avec acc\u00e8s personnel et s\u00e9curis\u00e9 via des identifiants et mots de passe confidentiels, journalisation des connexions, chiffrement de certaines donn\u00e9es\u2026.<\/p>\n\n\n\n<div style=\"height:40px\" aria-hidden=\"true\" class=\"wp-block-spacer\"><\/div>\n\n\n\n<h2 class=\"wp-block-heading h4\"><b>Les droits de l\u2019utilisateur<\/b><\/h2>\n\n\n\n<p>L\u2019utilisateur peut acc\u00e9der aux donn\u00e9es le concernant, les rectifier, demander leur effacement ou exercer son droit \u00e0 la limitation du traitement de vos donn\u00e9es.<\/p>\n\n\n\n<p>L\u2019utilisateur peut \u00e9galement s\u2019opposer au traitement de ses donn\u00e9es et exercer son droit \u00e0 la portabilit\u00e9 de ses donn\u00e9es.<\/p>\n\n\n\n<p>Pour toute information compl\u00e9mentaire sur la protection des Donn\u00e9es Personnelles, l\u2019utilisateur peut \u00e9galement consulter le Site de la Commission Nationale de l&#8217;Informatique et des Libert\u00e9s www.cnil.fr.<\/p>\n\n\n\n<p>Pour exercer l\u2019un ou l\u2019autre de ses droits, il peut contacter l\u2019\u00e9quipe en charge de la protection des donn\u00e9es personnelles par mail \u00e0 <a href=\"mailto:forpeopleandplanet@advens.fr\">forpeopleandplanet@advens.fr<\/a> ou par courrier postal au 16 quai de la m\u00e9gisserie, 75001 Paris.<b>\u00a0<\/b><\/p>\n\n\n\n<p><b>Advens for People and Planet<\/b> r\u00e9pondra \u00e0 la demande dans un d\u00e9lai de 30 jours \u00e0 compter de la r\u00e9ception de la demande compl\u00e8te.<b> Advens for People and Planet<\/b> se r\u00e9serve la possibilit\u00e9 de ne pas donner suite aux demandes manifestement infond\u00e9es ou excessives.<\/p>\n\n\n\n<p>Si l\u2019utilisateur estime, apr\u00e8s contact\u00e9 <b>Advens for People and Planet<\/b>, que ses droits \u00ab Informatique et Libert\u00e9s \u00bb ne sont pas respect\u00e9s, l\u2019utilisateur peut adresser une r\u00e9clamation \u00e0 la CNIL.<\/p>\n","protected":false},"excerpt":{"rendered":"<p>D\u00e9finitions \u00ab&nbsp;Advens for People and Planet&nbsp;\u00bb&nbsp;: d\u00e9signe le fonds de dotation, immatricul\u00e9e sous le SIREN 901629881, en activit\u00e9 depuis 2021. Localis\u00e9e au 16 quai de la M\u00e9gisserie (75001), elle&nbsp; a pour objet de soutenir et de d\u00e9velopper toute \u0153uvre d&#8217;int\u00e9r\u00eat g\u00e9n\u00e9ral \u00e0 caract\u00e8re \u00e9ducatif, social et concourant \u00e0 la d\u00e9fense de l&#8217;environnement naturel visant notamment [&hellip;]<\/p>\n","protected":false},"author":1,"featured_media":0,"parent":0,"menu_order":0,"comment_status":"closed","ping_status":"closed","template":"","meta":{"_acf_changed":false,"footnotes":""},"class_list":["post-1305","page","type-page","status-publish","hentry"],"acf":[],"yoast_head":"<!-- This site is optimized with the Yoast SEO plugin v27.3 - https:\/\/yoast.com\/product\/yoast-seo-wordpress\/ -->\n<title>Politique de protection des donn\u00e9es - Fresque des Cybercitoyens<\/title>\n<meta name=\"robots\" content=\"index, follow, max-snippet:-1, max-image-preview:large, max-video-preview:-1\" \/>\n<link rel=\"canonical\" href=\"https:\/\/fresquedescybercitoyens.fr\/de\/politique-de-protection-des-donnees\/\" \/>\n<meta property=\"og:locale\" content=\"de_DE\" \/>\n<meta property=\"og:type\" content=\"article\" \/>\n<meta property=\"og:title\" content=\"Politique de protection des donn\u00e9es - Fresque des Cybercitoyens\" \/>\n<meta property=\"og:description\" content=\"D\u00e9finitions \u00ab&nbsp;Advens for People and Planet&nbsp;\u00bb&nbsp;: d\u00e9signe le fonds de dotation, immatricul\u00e9e sous le SIREN 901629881, en activit\u00e9 depuis 2021. Localis\u00e9e au 16 quai de la M\u00e9gisserie (75001), elle&nbsp; a pour objet de soutenir et de d\u00e9velopper toute \u0153uvre d&#8217;int\u00e9r\u00eat g\u00e9n\u00e9ral \u00e0 caract\u00e8re \u00e9ducatif, social et concourant \u00e0 la d\u00e9fense de l&#8217;environnement naturel visant notamment [&hellip;]\" \/>\n<meta property=\"og:url\" content=\"https:\/\/fresquedescybercitoyens.fr\/de\/politique-de-protection-des-donnees\/\" \/>\n<meta property=\"og:site_name\" content=\"Fresque des Cybercitoyens\" \/>\n<meta name=\"twitter:card\" content=\"summary_large_image\" \/>\n<meta name=\"twitter:label1\" content=\"Est. reading time\" \/>\n\t<meta name=\"twitter:data1\" content=\"7 minutes\" \/>\n<script type=\"application\/ld+json\" class=\"yoast-schema-graph\">{\"@context\":\"https:\\\/\\\/schema.org\",\"@graph\":[{\"@type\":\"WebPage\",\"@id\":\"https:\\\/\\\/fresquedescybercitoyens.fr\\\/de\\\/politique-de-protection-des-donnees\\\/\",\"url\":\"https:\\\/\\\/fresquedescybercitoyens.fr\\\/de\\\/politique-de-protection-des-donnees\\\/\",\"name\":\"Politique de protection des donn\u00e9es - Fresque des Cybercitoyens\",\"isPartOf\":{\"@id\":\"https:\\\/\\\/fresquedescybercitoyens.fr\\\/de\\\/#website\"},\"datePublished\":\"2024-01-05T09:28:34+00:00\",\"breadcrumb\":{\"@id\":\"https:\\\/\\\/fresquedescybercitoyens.fr\\\/de\\\/politique-de-protection-des-donnees\\\/#breadcrumb\"},\"inLanguage\":\"de-DE\",\"potentialAction\":[{\"@type\":\"ReadAction\",\"target\":[\"https:\\\/\\\/fresquedescybercitoyens.fr\\\/de\\\/politique-de-protection-des-donnees\\\/\"]}]},{\"@type\":\"BreadcrumbList\",\"@id\":\"https:\\\/\\\/fresquedescybercitoyens.fr\\\/de\\\/politique-de-protection-des-donnees\\\/#breadcrumb\",\"itemListElement\":[{\"@type\":\"ListItem\",\"position\":1,\"name\":\"Accueil\",\"item\":\"https:\\\/\\\/fresquedescybercitoyens.fr\\\/de\\\/\"},{\"@type\":\"ListItem\",\"position\":2,\"name\":\"Politique de protection des donn\u00e9es\"}]},{\"@type\":\"WebSite\",\"@id\":\"https:\\\/\\\/fresquedescybercitoyens.fr\\\/de\\\/#website\",\"url\":\"https:\\\/\\\/fresquedescybercitoyens.fr\\\/de\\\/\",\"name\":\"Fresque des Cybercitoyen.nes\",\"description\":\"\",\"potentialAction\":[{\"@type\":\"SearchAction\",\"target\":{\"@type\":\"EntryPoint\",\"urlTemplate\":\"https:\\\/\\\/fresquedescybercitoyens.fr\\\/de\\\/?s={search_term_string}\"},\"query-input\":{\"@type\":\"PropertyValueSpecification\",\"valueRequired\":true,\"valueName\":\"search_term_string\"}}],\"inLanguage\":\"de-DE\"}]}<\/script>\n<!-- \/ Yoast SEO plugin. -->","yoast_head_json":{"title":"Politique de protection des donn\u00e9es - Fresque des Cybercitoyens","robots":{"index":"index","follow":"follow","max-snippet":"max-snippet:-1","max-image-preview":"max-image-preview:large","max-video-preview":"max-video-preview:-1"},"canonical":"https:\/\/fresquedescybercitoyens.fr\/de\/politique-de-protection-des-donnees\/","og_locale":"de_DE","og_type":"article","og_title":"Politique de protection des donn\u00e9es - Fresque des Cybercitoyens","og_description":"D\u00e9finitions \u00ab&nbsp;Advens for People and Planet&nbsp;\u00bb&nbsp;: d\u00e9signe le fonds de dotation, immatricul\u00e9e sous le SIREN 901629881, en activit\u00e9 depuis 2021. Localis\u00e9e au 16 quai de la M\u00e9gisserie (75001), elle&nbsp; a pour objet de soutenir et de d\u00e9velopper toute \u0153uvre d&#8217;int\u00e9r\u00eat g\u00e9n\u00e9ral \u00e0 caract\u00e8re \u00e9ducatif, social et concourant \u00e0 la d\u00e9fense de l&#8217;environnement naturel visant notamment [&hellip;]","og_url":"https:\/\/fresquedescybercitoyens.fr\/de\/politique-de-protection-des-donnees\/","og_site_name":"Fresque des Cybercitoyens","twitter_card":"summary_large_image","twitter_misc":{"Est. reading time":"7 minutes"},"schema":{"@context":"https:\/\/schema.org","@graph":[{"@type":"WebPage","@id":"https:\/\/fresquedescybercitoyens.fr\/de\/politique-de-protection-des-donnees\/","url":"https:\/\/fresquedescybercitoyens.fr\/de\/politique-de-protection-des-donnees\/","name":"Politique de protection des donn\u00e9es - Fresque des Cybercitoyens","isPartOf":{"@id":"https:\/\/fresquedescybercitoyens.fr\/de\/#website"},"datePublished":"2024-01-05T09:28:34+00:00","breadcrumb":{"@id":"https:\/\/fresquedescybercitoyens.fr\/de\/politique-de-protection-des-donnees\/#breadcrumb"},"inLanguage":"de-DE","potentialAction":[{"@type":"ReadAction","target":["https:\/\/fresquedescybercitoyens.fr\/de\/politique-de-protection-des-donnees\/"]}]},{"@type":"BreadcrumbList","@id":"https:\/\/fresquedescybercitoyens.fr\/de\/politique-de-protection-des-donnees\/#breadcrumb","itemListElement":[{"@type":"ListItem","position":1,"name":"Accueil","item":"https:\/\/fresquedescybercitoyens.fr\/de\/"},{"@type":"ListItem","position":2,"name":"Politique de protection des donn\u00e9es"}]},{"@type":"WebSite","@id":"https:\/\/fresquedescybercitoyens.fr\/de\/#website","url":"https:\/\/fresquedescybercitoyens.fr\/de\/","name":"Fresque des Cybercitoyen.nes","description":"","potentialAction":[{"@type":"SearchAction","target":{"@type":"EntryPoint","urlTemplate":"https:\/\/fresquedescybercitoyens.fr\/de\/?s={search_term_string}"},"query-input":{"@type":"PropertyValueSpecification","valueRequired":true,"valueName":"search_term_string"}}],"inLanguage":"de-DE"}]}},"_links":{"self":[{"href":"https:\/\/fresquedescybercitoyens.fr\/de\/wp-json\/wp\/v2\/pages\/1305","targetHints":{"allow":["GET"]}}],"collection":[{"href":"https:\/\/fresquedescybercitoyens.fr\/de\/wp-json\/wp\/v2\/pages"}],"about":[{"href":"https:\/\/fresquedescybercitoyens.fr\/de\/wp-json\/wp\/v2\/types\/page"}],"author":[{"embeddable":true,"href":"https:\/\/fresquedescybercitoyens.fr\/de\/wp-json\/wp\/v2\/users\/1"}],"replies":[{"embeddable":true,"href":"https:\/\/fresquedescybercitoyens.fr\/de\/wp-json\/wp\/v2\/comments?post=1305"}],"version-history":[{"count":0,"href":"https:\/\/fresquedescybercitoyens.fr\/de\/wp-json\/wp\/v2\/pages\/1305\/revisions"}],"wp:attachment":[{"href":"https:\/\/fresquedescybercitoyens.fr\/de\/wp-json\/wp\/v2\/media?parent=1305"}],"curies":[{"name":"wp","href":"https:\/\/api.w.org\/{rel}","templated":true}]}}