{"id":1306,"date":"2024-01-05T11:08:28","date_gmt":"2024-01-05T11:08:28","guid":{"rendered":"https:\/\/fresquedescybercitoyens.fr\/politique-de-protection-des-cookies\/"},"modified":"2024-01-05T11:08:28","modified_gmt":"2024-01-05T11:08:28","slug":"politique-de-protection-des-cookies","status":"publish","type":"page","link":"https:\/\/fresquedescybercitoyens.fr\/de\/politique-de-protection-des-cookies\/","title":{"rendered":"Politique de protection des cookies"},"content":{"rendered":"\n<h2 class=\"wp-block-heading h4\"><strong>Objet<\/strong><\/h2>\n\n\n\n<p>Pour chaque traitement, Advens for People and Planet recueille et utilise uniquement les donn\u00e9es pertinentes et n\u00e9cessaires \u00e0 l\u2019objectif poursuivi. Les traitements op\u00e9r\u00e9s sur vos donn\u00e9es sont r\u00e9alis\u00e9s uniquement par le biais de cookies afin d\u2019optimiser l\u2019usage du site.\u00a0<\/p>\n\n\n\n<p>Cette politique de gestion de cookies permet de comprendre comment Advens for People and Planet d\u00e9pose et utilise les cookies et quels sont les droits qui y sont rattach\u00e9s.<\/p>\n\n\n\n<p>Nous traitons donc vos donn\u00e9es personnelles, au travers de cookies, pour&nbsp;:<\/p>\n\n\n\n<blockquote class=\"wp-block-quote is-layout-flow wp-block-quote-is-layout-flow\">\n<p><strong>La gestion du site<\/strong> c\u2019est-\u00e0-dire la bonne ex\u00e9cution des services demand\u00e9s. Les cookies utilis\u00e9s dans ce cadre ne requi\u00e8rent pas l&#8217;accord pr\u00e9alable de l\u2019utilisateur pour \u00eatre d\u00e9pos\u00e9s sur son terminal. Ce traitement est bas\u00e9 sur l\u2019int\u00e9r\u00eat d\u2019Advens for People and Planet.<\/p>\n<\/blockquote>\n\n\n\n<blockquote class=\"wp-block-quote is-layout-flow wp-block-quote-is-layout-flow\">\n<p><strong>La gestion de la mesure d\u2019audience<\/strong> \u00e0 des pures fins d\u2019analyses statistiques, dans le but notamment d\u2019adapter le Site aux demandes et besoins des utilisateurs. Ce traitement est bas\u00e9 sur le consentement de l\u2019utilisateur.&nbsp;<\/p>\n<\/blockquote>\n\n\n\n<p>Ce traitement est r\u00e9alis\u00e9 par le biais de cookies d\u00e9pos\u00e9s par Matomo Analytics afin de comptabiliser les visiteurs et d&#8217;identifier la mani\u00e8re dont ils utilisent le Site. En fonction de leur utilit\u00e9, les donn\u00e9es sont conserv\u00e9es pour une dur\u00e9e de 12 mois \u00e0 partir de leur cr\u00e9ation.<\/p>\n\n\n\n<div style=\"height:40px\" aria-hidden=\"true\" class=\"wp-block-spacer\"><\/div>\n\n\n\n<h2 class=\"wp-block-heading h4\"><strong>Que sont les cookies et autres tra\u00e7eurs&nbsp;<\/strong><\/h2>\n\n\n\n<p><em>Un cookie est un petit fichier informatique, un traceur, d\u00e9pos\u00e9 et lu par exemple lors de la consultation d&#8217;un site internet, de la lecture d&#8217;un courrier \u00e9lectronique, de l&#8217;installation ou de l&#8217;utilisation d&#8217;un logiciel ou d&#8217;une application mobile et ce, quel que soit le type de terminal utilis\u00e9 (ordinateur, smartphone, liseuse num\u00e9rique, console de jeux vid\u00e9o connect\u00e9e \u00e0 Internet, etc.).<\/em><\/p>\n\n\n\n<p>Un cookie poss\u00e8de un identifiant unique attribu\u00e9 au terminal de l\u2019utilisateur lorsque le Site est charg\u00e9 dans un navigateur. Les cookies ont divers usages, certains \u00e9tant obligatoirement n\u00e9cessaires aux fonctionnalit\u00e9s express\u00e9ment demand\u00e9es par l\u2019utilisateur ou bien \u00e0 l\u2019\u00e9tablissement de la communication et donc exempt\u00e9s de consentement. D\u2019autres, qui ne correspondent pas \u00e0 ces crit\u00e8res, n\u00e9cessitent un consentement de l\u2019utilisateur avant lecture ou \u00e9criture.<\/p>\n\n\n\n<p>Le cookie va permettre \u00e0 Advens for People and Planet de m\u00e9moriser la venue de l\u2019utilisateur, ses actions et pr\u00e9f\u00e9rences (emplacement, police et autres pr\u00e9f\u00e9rences) soit dans le cadre d\u2019une seule visite soit sur plusieurs visites r\u00e9p\u00e9t\u00e9es. Il n\u2019est pas possible pour Advens for People and Planet d\u2019identifier le visiteur personnellement.&nbsp;<\/p>\n\n\n\n<p>Un cookie permet donc de tracer votre navigation \u00e0 des fins statistiques ou publicitaires. Ils peuvent \u00eatre supprim\u00e9s manuellement ou automatiquement.<\/p>\n\n\n\n<div style=\"height:40px\" aria-hidden=\"true\" class=\"wp-block-spacer\"><\/div>\n\n\n\n<h2 class=\"wp-block-heading h4\"><strong>Gestion des cookies<\/strong><\/h2>\n\n\n\n<p>Vous disposez de plusieurs options pour g\u00e9rer les cookies.<\/p>\n\n\n\n<p>De ce fait, si la plupart des navigateurs sont param\u00e9tr\u00e9s par d\u00e9faut et acceptent l\u2019installation de cookies, vous avez la possibilit\u00e9, si vous le souhaitez, de choisir d\u2019accepter tous les cookies, ou de les rejeter syst\u00e9matiquement ou encore de choisir ceux que vous acceptez selon l\u2019\u00e9metteur. Vous pouvez \u00e9galement param\u00e9trer votre navigateur pour accepter ou refuser au cas par cas les cookies pr\u00e9alablement \u00e0 leur installation. Vous pouvez \u00e9galement r\u00e9guli\u00e8rement supprimer les cookies de votre terminal via votre navigateur. N\u2019oubliez pas de param\u00e9trer l\u2019ensemble des navigateurs de vos diff\u00e9rents terminaux (tablettes, smartphones, ordinateurs).<\/p>\n\n\n\n<p>En fonction des navigateurs utilis\u00e9s, la proc\u00e9dure peut \u00eatre diff\u00e9rente. Votre attention est attir\u00e9e sur le fait qu\u2019en param\u00e9trant votre navigateur pour refuser les cookies, certaines fonctionnalit\u00e9s, pages, espaces du Site ne seront pas accessibles, ce dont nous ne saurions \u00eatre responsables. En tout \u00e9tat de cause, vous pouvez vous rendre dans la rubrique d\u2019aide de votre navigateur pour savoir de quelle mani\u00e8re votre navigateur vous permet de choisir les cookies que vous acceptez ou refusez.<\/p>\n\n\n\n<p>Avec votre accord, le Site advens.local utilise des cookies et autres traceurs pour stocker et acc\u00e9der \u00e0 des informations personnelles comme votre visite sur le site.\u00a0<\/p>\n\n\n\n<div style=\"height:40px\" aria-hidden=\"true\" class=\"wp-block-spacer\"><\/div>\n\n\n\n<h2 class=\"wp-block-heading h4\"><strong>Types de cookies utilis\u00e9s<\/strong><\/h2>\n\n\n\n<p>Le tableau ci-dessous d\u00e9crit les types de cookies que le Site advens.local utilise. Les finalit\u00e9s de l\u2019ensemble des cookies y sont expos\u00e9es. Un consentement positif est requis de la part de l\u2019utilisateur qui est inform\u00e9 par un bandeau directement sur le Site. Une absence manifestation claire de volont\u00e9 d\u2019accepter le d\u00e9p\u00f4t de cookies s\u2019entend comme un refus.<\/p>\n\n\n\n<figure class=\"wp-block-table\"><table><thead><tr><th class=\"has-text-align-center\" data-align=\"center\">Cat\u00e9gorie de cookies<\/th><th>Objectifs<\/th><th class=\"has-text-align-center\" data-align=\"center\">Emetteurs<\/th><\/tr><\/thead><tbody><tr><td class=\"has-text-align-center\" data-align=\"center\"><strong>Cookies analytiques<\/strong><\/td><td>Ces cookies permettent de mesure l\u2019audience des utilisateurs sur le site.<\/td><td class=\"has-text-align-center\" data-align=\"center\">Matomo<\/td><\/tr><\/tbody><\/table><\/figure>\n\n\n\n<div style=\"height:40px\" aria-hidden=\"true\" class=\"wp-block-spacer\"><\/div>\n\n\n\n<h2 class=\"wp-block-heading h4\"><strong>Dur\u00e9e de conservation des cookies et h\u00e9bergement<\/strong><\/h2>\n\n\n\n<p>Les nouvelles visites ne prolongent pas la dur\u00e9e de vie de ces informations.\u00a0<\/p>\n\n\n\n<figure class=\"wp-block-table\"><table><thead><tr><th class=\"has-text-align-center\" data-align=\"center\">Cookies<\/th><th class=\"has-text-align-center\" data-align=\"center\">Dur\u00e9e maximale de conservation<\/th><th class=\"has-text-align-center\" data-align=\"center\">Lieux d\u2019h\u00e9bergement<\/th><\/tr><\/thead><tbody><tr><td class=\"has-text-align-center\" data-align=\"center\"><strong>Matomo<\/strong><\/td><td class=\"has-text-align-center\" data-align=\"center\">13 mois<\/td><td class=\"has-text-align-center\" data-align=\"center\">Data-center Nexylan, France<\/td><\/tr><\/tbody><\/table><\/figure>\n\n\n\n<div style=\"height:40px\" aria-hidden=\"true\" class=\"wp-block-spacer\"><\/div>\n\n\n\n<h2 class=\"wp-block-heading h4\"><strong>Vos droits<\/strong><\/h2>\n\n\n\n<p>S\u2019agissant du droit d\u2019acc\u00e8s aux informations \u00e0 caract\u00e8re personnel concernant les demandeurs du droit de rectification, du droit de retrait de consentement et de suppression des dites informations de l\u2019utilisateur, ce dernier a la possibilit\u00e9 de l\u2019exercer conform\u00e9ment aux dispositions du R\u00e8glement (UE) 2016\/679 du Parlement europ\u00e9en et du Conseil du 27 avril 2016, relatif \u00e0 la protection des personnes physiques \u00e0 l&#8217;\u00e9gard du traitement des donn\u00e9es \u00e0 caract\u00e8re personnel et \u00e0 la libre circulation de ces donn\u00e9es et de la Loi Informatique et Libert\u00e9s du 6 janvier 1978 modifi\u00e9e.&nbsp;Vous pouvez contacter la cellule conformit\u00e9 d<strong>\u2019Advens for People and Planet<\/strong> par mail&nbsp;\u00e0 <a href=\"mailto:fresquedescybercitoyens@advens.fr\">fresquedescybercitoyens@advens.fr<\/a>.<\/p>\n","protected":false},"excerpt":{"rendered":"<p>Objet Pour chaque traitement, Advens for People and Planet recueille et utilise uniquement les donn\u00e9es pertinentes et n\u00e9cessaires \u00e0 l\u2019objectif poursuivi. Les traitements op\u00e9r\u00e9s sur vos donn\u00e9es sont r\u00e9alis\u00e9s uniquement par le biais de cookies afin d\u2019optimiser l\u2019usage du site.\u00a0 Cette politique de gestion de cookies permet de comprendre comment Advens for People and Planet [&hellip;]<\/p>\n","protected":false},"author":1,"featured_media":0,"parent":0,"menu_order":0,"comment_status":"closed","ping_status":"closed","template":"","meta":{"_acf_changed":false,"footnotes":""},"class_list":["post-1306","page","type-page","status-publish","hentry"],"acf":[],"yoast_head":"<!-- This site is optimized with the Yoast SEO plugin v27.3 - https:\/\/yoast.com\/product\/yoast-seo-wordpress\/ -->\n<title>Politique de protection des cookies - Fresque des Cybercitoyens<\/title>\n<meta name=\"robots\" content=\"index, follow, max-snippet:-1, max-image-preview:large, max-video-preview:-1\" \/>\n<link rel=\"canonical\" href=\"https:\/\/fresquedescybercitoyens.fr\/de\/politique-de-protection-des-cookies\/\" \/>\n<meta property=\"og:locale\" content=\"de_DE\" \/>\n<meta property=\"og:type\" content=\"article\" \/>\n<meta property=\"og:title\" content=\"Politique de protection des cookies - Fresque des Cybercitoyens\" \/>\n<meta property=\"og:description\" content=\"Objet Pour chaque traitement, Advens for People and Planet recueille et utilise uniquement les donn\u00e9es pertinentes et n\u00e9cessaires \u00e0 l\u2019objectif poursuivi. Les traitements op\u00e9r\u00e9s sur vos donn\u00e9es sont r\u00e9alis\u00e9s uniquement par le biais de cookies afin d\u2019optimiser l\u2019usage du site.\u00a0 Cette politique de gestion de cookies permet de comprendre comment Advens for People and Planet [&hellip;]\" \/>\n<meta property=\"og:url\" content=\"https:\/\/fresquedescybercitoyens.fr\/de\/politique-de-protection-des-cookies\/\" \/>\n<meta property=\"og:site_name\" content=\"Fresque des Cybercitoyens\" \/>\n<meta name=\"twitter:card\" content=\"summary_large_image\" \/>\n<meta name=\"twitter:label1\" content=\"Est. reading time\" \/>\n\t<meta name=\"twitter:data1\" content=\"5 minutes\" \/>\n<script type=\"application\/ld+json\" class=\"yoast-schema-graph\">{\"@context\":\"https:\\\/\\\/schema.org\",\"@graph\":[{\"@type\":\"WebPage\",\"@id\":\"https:\\\/\\\/fresquedescybercitoyens.fr\\\/de\\\/politique-de-protection-des-cookies\\\/\",\"url\":\"https:\\\/\\\/fresquedescybercitoyens.fr\\\/de\\\/politique-de-protection-des-cookies\\\/\",\"name\":\"Politique de protection des cookies - Fresque des Cybercitoyens\",\"isPartOf\":{\"@id\":\"https:\\\/\\\/fresquedescybercitoyens.fr\\\/de\\\/#website\"},\"datePublished\":\"2024-01-05T11:08:28+00:00\",\"breadcrumb\":{\"@id\":\"https:\\\/\\\/fresquedescybercitoyens.fr\\\/de\\\/politique-de-protection-des-cookies\\\/#breadcrumb\"},\"inLanguage\":\"de-DE\",\"potentialAction\":[{\"@type\":\"ReadAction\",\"target\":[\"https:\\\/\\\/fresquedescybercitoyens.fr\\\/de\\\/politique-de-protection-des-cookies\\\/\"]}]},{\"@type\":\"BreadcrumbList\",\"@id\":\"https:\\\/\\\/fresquedescybercitoyens.fr\\\/de\\\/politique-de-protection-des-cookies\\\/#breadcrumb\",\"itemListElement\":[{\"@type\":\"ListItem\",\"position\":1,\"name\":\"Accueil\",\"item\":\"https:\\\/\\\/fresquedescybercitoyens.fr\\\/de\\\/\"},{\"@type\":\"ListItem\",\"position\":2,\"name\":\"Politique de protection des cookies\"}]},{\"@type\":\"WebSite\",\"@id\":\"https:\\\/\\\/fresquedescybercitoyens.fr\\\/de\\\/#website\",\"url\":\"https:\\\/\\\/fresquedescybercitoyens.fr\\\/de\\\/\",\"name\":\"Fresque des Cybercitoyen.nes\",\"description\":\"\",\"potentialAction\":[{\"@type\":\"SearchAction\",\"target\":{\"@type\":\"EntryPoint\",\"urlTemplate\":\"https:\\\/\\\/fresquedescybercitoyens.fr\\\/de\\\/?s={search_term_string}\"},\"query-input\":{\"@type\":\"PropertyValueSpecification\",\"valueRequired\":true,\"valueName\":\"search_term_string\"}}],\"inLanguage\":\"de-DE\"}]}<\/script>\n<!-- \/ Yoast SEO plugin. -->","yoast_head_json":{"title":"Politique de protection des cookies - Fresque des Cybercitoyens","robots":{"index":"index","follow":"follow","max-snippet":"max-snippet:-1","max-image-preview":"max-image-preview:large","max-video-preview":"max-video-preview:-1"},"canonical":"https:\/\/fresquedescybercitoyens.fr\/de\/politique-de-protection-des-cookies\/","og_locale":"de_DE","og_type":"article","og_title":"Politique de protection des cookies - Fresque des Cybercitoyens","og_description":"Objet Pour chaque traitement, Advens for People and Planet recueille et utilise uniquement les donn\u00e9es pertinentes et n\u00e9cessaires \u00e0 l\u2019objectif poursuivi. Les traitements op\u00e9r\u00e9s sur vos donn\u00e9es sont r\u00e9alis\u00e9s uniquement par le biais de cookies afin d\u2019optimiser l\u2019usage du site.\u00a0 Cette politique de gestion de cookies permet de comprendre comment Advens for People and Planet [&hellip;]","og_url":"https:\/\/fresquedescybercitoyens.fr\/de\/politique-de-protection-des-cookies\/","og_site_name":"Fresque des Cybercitoyens","twitter_card":"summary_large_image","twitter_misc":{"Est. reading time":"5 minutes"},"schema":{"@context":"https:\/\/schema.org","@graph":[{"@type":"WebPage","@id":"https:\/\/fresquedescybercitoyens.fr\/de\/politique-de-protection-des-cookies\/","url":"https:\/\/fresquedescybercitoyens.fr\/de\/politique-de-protection-des-cookies\/","name":"Politique de protection des cookies - Fresque des Cybercitoyens","isPartOf":{"@id":"https:\/\/fresquedescybercitoyens.fr\/de\/#website"},"datePublished":"2024-01-05T11:08:28+00:00","breadcrumb":{"@id":"https:\/\/fresquedescybercitoyens.fr\/de\/politique-de-protection-des-cookies\/#breadcrumb"},"inLanguage":"de-DE","potentialAction":[{"@type":"ReadAction","target":["https:\/\/fresquedescybercitoyens.fr\/de\/politique-de-protection-des-cookies\/"]}]},{"@type":"BreadcrumbList","@id":"https:\/\/fresquedescybercitoyens.fr\/de\/politique-de-protection-des-cookies\/#breadcrumb","itemListElement":[{"@type":"ListItem","position":1,"name":"Accueil","item":"https:\/\/fresquedescybercitoyens.fr\/de\/"},{"@type":"ListItem","position":2,"name":"Politique de protection des cookies"}]},{"@type":"WebSite","@id":"https:\/\/fresquedescybercitoyens.fr\/de\/#website","url":"https:\/\/fresquedescybercitoyens.fr\/de\/","name":"Fresque des Cybercitoyen.nes","description":"","potentialAction":[{"@type":"SearchAction","target":{"@type":"EntryPoint","urlTemplate":"https:\/\/fresquedescybercitoyens.fr\/de\/?s={search_term_string}"},"query-input":{"@type":"PropertyValueSpecification","valueRequired":true,"valueName":"search_term_string"}}],"inLanguage":"de-DE"}]}},"_links":{"self":[{"href":"https:\/\/fresquedescybercitoyens.fr\/de\/wp-json\/wp\/v2\/pages\/1306","targetHints":{"allow":["GET"]}}],"collection":[{"href":"https:\/\/fresquedescybercitoyens.fr\/de\/wp-json\/wp\/v2\/pages"}],"about":[{"href":"https:\/\/fresquedescybercitoyens.fr\/de\/wp-json\/wp\/v2\/types\/page"}],"author":[{"embeddable":true,"href":"https:\/\/fresquedescybercitoyens.fr\/de\/wp-json\/wp\/v2\/users\/1"}],"replies":[{"embeddable":true,"href":"https:\/\/fresquedescybercitoyens.fr\/de\/wp-json\/wp\/v2\/comments?post=1306"}],"version-history":[{"count":0,"href":"https:\/\/fresquedescybercitoyens.fr\/de\/wp-json\/wp\/v2\/pages\/1306\/revisions"}],"wp:attachment":[{"href":"https:\/\/fresquedescybercitoyens.fr\/de\/wp-json\/wp\/v2\/media?parent=1306"}],"curies":[{"name":"wp","href":"https:\/\/api.w.org\/{rel}","templated":true}]}}